{"id":6186,"date":"2022-08-22T15:45:12","date_gmt":"2022-08-22T15:45:12","guid":{"rendered":"https:\/\/slowfoodnordic.com\/?page_id=6186"},"modified":"2022-08-22T15:45:12","modified_gmt":"2022-08-22T15:45:12","slug":"gmo-ja-siemenet","status":"publish","type":"page","link":"https:\/\/slowfoodnordic.com\/fi\/gmo-ja-siemenet\/","title":{"rendered":"GMO ja siemenet"},"content":{"rendered":"<p><img fetchpriority=\"high\" decoding=\"async\" class=\"alignright wp-image-3642 size-medium\" src=\"https:\/\/slowfoodnordic.com\/wp-content\/uploads\/2021\/10\/SF-Stop-GMO-300x300.jpg\" alt=\"\" width=\"300\" height=\"300\" srcset=\"https:\/\/slowfoodnordic.com\/wp-content\/uploads\/2021\/10\/SF-Stop-GMO-300x300.jpg 300w, https:\/\/slowfoodnordic.com\/wp-content\/uploads\/2021\/10\/SF-Stop-GMO-150x150.jpg 150w, https:\/\/slowfoodnordic.com\/wp-content\/uploads\/2021\/10\/SF-Stop-GMO.jpg 624w\" sizes=\"(max-width: 300px) 100vw, 300px\" \/><\/p>\n<p>Slow Food <strong>vastustaa geneettisesti muunnettujen (GM) kasvien kaupallista istutusta<\/strong> ja pyrkii edist\u00e4m\u00e4\u00e4n GM-vapaata ruokaa ja el\u00e4inrehua.<\/p>\n<p>Geneettisesti muunnetuilla organismeilla (GMO:t) vaarana on, ett\u00e4 ruokamme muuttuu patentoiduksi hy\u00f6dykkeeksi, jota muutamat monikansalliset yhti\u00f6t valvovat, ja riist\u00e4\u00e4mme viljelij\u00f6ilt\u00e4 ja kuluttajilta heid\u00e4n oikeutensa.<\/p>\n<p>GMO:t ovat tieteellisesti ep\u00e4luotettavia, taloudellisesti tehottomia ja ymp\u00e4rist\u00f6n kannalta kest\u00e4m\u00e4tt\u00f6mi\u00e4. Terveyden n\u00e4k\u00f6kulmasta niist\u00e4 tiedet\u00e4\u00e4n v\u00e4h\u00e4n, ja teknisesti ne ovat vanhentuneita. Niill\u00e4 on vakavia sosiaalisia vaikutuksia, jotka uhkaavat perinteisi\u00e4 ruokakulttuureja ja pienviljelij\u00f6iden toimeentuloa.<\/p>\n<p>Tuemme kaikkien muuntogeenisi\u00e4 ainesosia sis\u00e4lt\u00e4vien tuotteiden pakollista merkitsemist\u00e4, mukaan lukien liha- ja maitotuotteet sellaisista el\u00e4imist\u00e4, joita on ruokittu muuntogeenisell\u00e4 rehulla. Merkinn\u00e4t antavat kuluttajille vapauden tehd\u00e4 valistuneita ratkaisuja sy\u00f6m\u00e4st\u00e4\u00e4n ruoasta..<\/p>\n<p>Slow Food (Slow Food Europe Brysseliss\u00e4) on aktiivisesti mukana vastustamassa EU:n komission aikomuksia elintarviketeollisuuden painostuksesta harkita \u00b4New Breeding Technics\u00b4 (NBT \u2013 CRISPR Cas ym.) sallimista.<\/p>\n<p><strong>Linkit:<\/strong><\/p>\n<p>Slow Food ja GMO:t: <u><a href=\"https:\/\/www.slowfood.com\/what-we-do\/themes\/gmos\/\">https:\/\/www.slowfood.com\/what-we-do\/themes\/gmos\/<\/a><\/u><\/p>\n<p>Mit\u00e4 GMO:t ovat: <u><a href=\"https:\/\/www.slowfood.com\/what-we-do\/themes\/gmos\/what-who-when-where\/\">https:\/\/www.slowfood.com\/what-we-do\/themes\/gmos\/what-who-when-where\/<\/a><\/u><\/p>\n<p>Pohjoismainen GMO-verkosto: <u><a href=\"https:\/\/www.gmonettverket.no\/\">https:\/\/www.gmonettverket.no\/<\/a><\/u><\/p>\n<p>(&#8220;GMO-verkosto toimii kattoj\u00e4rjest\u00f6n\u00e4 organisaatioille, yrityksille ja muille yksityisille tai julkisille instituutioille, jotka tukevat tarkoitustamme. GMO-verkosto on el\u00e4m\u00e4neutraali ja poliittisesti riippumaton.&#8221; )<\/p>\n<p>&nbsp;<\/p>\n<p>&nbsp;<\/p>\n","protected":false},"excerpt":{"rendered":"<p>Slow Food vastustaa geneettisesti muunnettujen (GM) kasvien kaupallista istutusta ja pyrkii edist\u00e4m\u00e4\u00e4n GM-vapaata ruokaa ja el\u00e4inrehua. Geneettisesti muunnetuilla organismeilla (GMO:t) vaarana on, ett\u00e4 ruokamme muuttuu patentoiduksi hy\u00f6dykkeeksi, jota muutamat monikansalliset yhti\u00f6t valvovat, ja riist\u00e4\u00e4mme viljelij\u00f6ilt\u00e4 ja kuluttajilta heid\u00e4n oikeutensa. GMO:t ovat tieteellisesti ep\u00e4luotettavia, taloudellisesti tehottomia ja ymp\u00e4rist\u00f6n kannalta kest\u00e4m\u00e4tt\u00f6mi\u00e4. Terveyden n\u00e4k\u00f6kulmasta niist\u00e4 tiedet\u00e4\u00e4n v\u00e4h\u00e4n, ja [&hellip;]<\/p>\n","protected":false},"author":5,"featured_media":0,"parent":0,"menu_order":4,"comment_status":"closed","ping_status":"closed","template":"","meta":{"footnotes":""},"class_list":["post-6186","page","type-page","status-publish","hentry"],"yoast_head":"<!-- This site is optimized with the Yoast SEO plugin v25.2 - https:\/\/yoast.com\/wordpress\/plugins\/seo\/ -->\n<title>GMO ja siemenet - Slow Food in the Nordic Countries<\/title>\n<meta name=\"robots\" content=\"index, follow, max-snippet:-1, max-image-preview:large, max-video-preview:-1\" \/>\n<link rel=\"canonical\" href=\"https:\/\/slowfoodnordic.com\/fi\/gmo-ja-siemenet\/\" \/>\n<meta property=\"og:locale\" content=\"fi_FI\" \/>\n<meta property=\"og:type\" content=\"article\" \/>\n<meta property=\"og:title\" content=\"GMO ja siemenet - Slow Food in the Nordic Countries\" \/>\n<meta property=\"og:description\" content=\"Slow Food vastustaa geneettisesti muunnettujen (GM) kasvien kaupallista istutusta ja pyrkii edist\u00e4m\u00e4\u00e4n GM-vapaata ruokaa ja el\u00e4inrehua. Geneettisesti muunnetuilla organismeilla (GMO:t) vaarana on, ett\u00e4 ruokamme muuttuu patentoiduksi hy\u00f6dykkeeksi, jota muutamat monikansalliset yhti\u00f6t valvovat, ja riist\u00e4\u00e4mme viljelij\u00f6ilt\u00e4 ja kuluttajilta heid\u00e4n oikeutensa. GMO:t ovat tieteellisesti ep\u00e4luotettavia, taloudellisesti tehottomia ja ymp\u00e4rist\u00f6n kannalta kest\u00e4m\u00e4tt\u00f6mi\u00e4. Terveyden n\u00e4k\u00f6kulmasta niist\u00e4 tiedet\u00e4\u00e4n v\u00e4h\u00e4n, ja [&hellip;]\" \/>\n<meta property=\"og:url\" content=\"https:\/\/slowfoodnordic.com\/fi\/gmo-ja-siemenet\/\" \/>\n<meta property=\"og:site_name\" content=\"Slow Food in the Nordic Countries\" \/>\n<meta property=\"og:image\" content=\"https:\/\/slowfoodnordic.com\/wp-content\/uploads\/2021\/10\/SF-Stop-GMO-300x300.jpg\" \/>\n<meta name=\"twitter:card\" content=\"summary_large_image\" \/>\n<meta name=\"twitter:label1\" content=\"Arvioitu lukuaika\" \/>\n\t<meta name=\"twitter:data1\" content=\"1 minuutti\" \/>\n<script type=\"application\/ld+json\" class=\"yoast-schema-graph\">{\"@context\":\"https:\/\/schema.org\",\"@graph\":[{\"@type\":\"WebPage\",\"@id\":\"https:\/\/slowfoodnordic.com\/fi\/gmo-ja-siemenet\/\",\"url\":\"https:\/\/slowfoodnordic.com\/fi\/gmo-ja-siemenet\/\",\"name\":\"GMO ja siemenet - Slow Food in the Nordic Countries\",\"isPartOf\":{\"@id\":\"https:\/\/slowfoodnordic.com\/#website\"},\"primaryImageOfPage\":{\"@id\":\"https:\/\/slowfoodnordic.com\/fi\/gmo-ja-siemenet\/#primaryimage\"},\"image\":{\"@id\":\"https:\/\/slowfoodnordic.com\/fi\/gmo-ja-siemenet\/#primaryimage\"},\"thumbnailUrl\":\"https:\/\/slowfoodnordic.com\/wp-content\/uploads\/2021\/10\/SF-Stop-GMO-300x300.jpg\",\"datePublished\":\"2022-08-22T15:45:12+00:00\",\"breadcrumb\":{\"@id\":\"https:\/\/slowfoodnordic.com\/fi\/gmo-ja-siemenet\/#breadcrumb\"},\"inLanguage\":\"fi\",\"potentialAction\":[{\"@type\":\"ReadAction\",\"target\":[\"https:\/\/slowfoodnordic.com\/fi\/gmo-ja-siemenet\/\"]}]},{\"@type\":\"ImageObject\",\"inLanguage\":\"fi\",\"@id\":\"https:\/\/slowfoodnordic.com\/fi\/gmo-ja-siemenet\/#primaryimage\",\"url\":\"https:\/\/slowfoodnordic.com\/wp-content\/uploads\/2021\/10\/SF-Stop-GMO-300x300.jpg\",\"contentUrl\":\"https:\/\/slowfoodnordic.com\/wp-content\/uploads\/2021\/10\/SF-Stop-GMO-300x300.jpg\"},{\"@type\":\"BreadcrumbList\",\"@id\":\"https:\/\/slowfoodnordic.com\/fi\/gmo-ja-siemenet\/#breadcrumb\",\"itemListElement\":[{\"@type\":\"ListItem\",\"position\":1,\"name\":\"Home\",\"item\":\"https:\/\/slowfoodnordic.com\/fi\/\"},{\"@type\":\"ListItem\",\"position\":2,\"name\":\"GMO ja siemenet\"}]},{\"@type\":\"WebSite\",\"@id\":\"https:\/\/slowfoodnordic.com\/#website\",\"url\":\"https:\/\/slowfoodnordic.com\/\",\"name\":\"Slow Food in the Nordic Countries\",\"description\":\"\",\"publisher\":{\"@id\":\"https:\/\/slowfoodnordic.com\/#organization\"},\"potentialAction\":[{\"@type\":\"SearchAction\",\"target\":{\"@type\":\"EntryPoint\",\"urlTemplate\":\"https:\/\/slowfoodnordic.com\/?s={search_term_string}\"},\"query-input\":{\"@type\":\"PropertyValueSpecification\",\"valueRequired\":true,\"valueName\":\"search_term_string\"}}],\"inLanguage\":\"fi\"},{\"@type\":\"Organization\",\"@id\":\"https:\/\/slowfoodnordic.com\/#organization\",\"name\":\"Slow Food in the Nordic Countries\",\"url\":\"https:\/\/slowfoodnordic.com\/\",\"logo\":{\"@type\":\"ImageObject\",\"inLanguage\":\"fi\",\"@id\":\"https:\/\/slowfoodnordic.com\/#\/schema\/logo\/image\/\",\"url\":\"https:\/\/slowfoodnordic.com\/wp-content\/uploads\/2025\/06\/EN_SF_convivium-in-the-Nordic-Countries.jpg\",\"contentUrl\":\"https:\/\/slowfoodnordic.com\/wp-content\/uploads\/2025\/06\/EN_SF_convivium-in-the-Nordic-Countries.jpg\",\"width\":1375,\"height\":543,\"caption\":\"Slow Food in the Nordic Countries\"},\"image\":{\"@id\":\"https:\/\/slowfoodnordic.com\/#\/schema\/logo\/image\/\"}}]}<\/script>\n<!-- \/ Yoast SEO plugin. -->","yoast_head_json":{"title":"GMO ja siemenet - Slow Food in the Nordic Countries","robots":{"index":"index","follow":"follow","max-snippet":"max-snippet:-1","max-image-preview":"max-image-preview:large","max-video-preview":"max-video-preview:-1"},"canonical":"https:\/\/slowfoodnordic.com\/fi\/gmo-ja-siemenet\/","og_locale":"fi_FI","og_type":"article","og_title":"GMO ja siemenet - Slow Food in the Nordic Countries","og_description":"Slow Food vastustaa geneettisesti muunnettujen (GM) kasvien kaupallista istutusta ja pyrkii edist\u00e4m\u00e4\u00e4n GM-vapaata ruokaa ja el\u00e4inrehua. Geneettisesti muunnetuilla organismeilla (GMO:t) vaarana on, ett\u00e4 ruokamme muuttuu patentoiduksi hy\u00f6dykkeeksi, jota muutamat monikansalliset yhti\u00f6t valvovat, ja riist\u00e4\u00e4mme viljelij\u00f6ilt\u00e4 ja kuluttajilta heid\u00e4n oikeutensa. GMO:t ovat tieteellisesti ep\u00e4luotettavia, taloudellisesti tehottomia ja ymp\u00e4rist\u00f6n kannalta kest\u00e4m\u00e4tt\u00f6mi\u00e4. Terveyden n\u00e4k\u00f6kulmasta niist\u00e4 tiedet\u00e4\u00e4n v\u00e4h\u00e4n, ja [&hellip;]","og_url":"https:\/\/slowfoodnordic.com\/fi\/gmo-ja-siemenet\/","og_site_name":"Slow Food in the Nordic Countries","og_image":[{"url":"https:\/\/slowfoodnordic.com\/wp-content\/uploads\/2021\/10\/SF-Stop-GMO-300x300.jpg","type":"","width":"","height":""}],"twitter_card":"summary_large_image","twitter_misc":{"Arvioitu lukuaika":"1 minuutti"},"schema":{"@context":"https:\/\/schema.org","@graph":[{"@type":"WebPage","@id":"https:\/\/slowfoodnordic.com\/fi\/gmo-ja-siemenet\/","url":"https:\/\/slowfoodnordic.com\/fi\/gmo-ja-siemenet\/","name":"GMO ja siemenet - Slow Food in the Nordic Countries","isPartOf":{"@id":"https:\/\/slowfoodnordic.com\/#website"},"primaryImageOfPage":{"@id":"https:\/\/slowfoodnordic.com\/fi\/gmo-ja-siemenet\/#primaryimage"},"image":{"@id":"https:\/\/slowfoodnordic.com\/fi\/gmo-ja-siemenet\/#primaryimage"},"thumbnailUrl":"https:\/\/slowfoodnordic.com\/wp-content\/uploads\/2021\/10\/SF-Stop-GMO-300x300.jpg","datePublished":"2022-08-22T15:45:12+00:00","breadcrumb":{"@id":"https:\/\/slowfoodnordic.com\/fi\/gmo-ja-siemenet\/#breadcrumb"},"inLanguage":"fi","potentialAction":[{"@type":"ReadAction","target":["https:\/\/slowfoodnordic.com\/fi\/gmo-ja-siemenet\/"]}]},{"@type":"ImageObject","inLanguage":"fi","@id":"https:\/\/slowfoodnordic.com\/fi\/gmo-ja-siemenet\/#primaryimage","url":"https:\/\/slowfoodnordic.com\/wp-content\/uploads\/2021\/10\/SF-Stop-GMO-300x300.jpg","contentUrl":"https:\/\/slowfoodnordic.com\/wp-content\/uploads\/2021\/10\/SF-Stop-GMO-300x300.jpg"},{"@type":"BreadcrumbList","@id":"https:\/\/slowfoodnordic.com\/fi\/gmo-ja-siemenet\/#breadcrumb","itemListElement":[{"@type":"ListItem","position":1,"name":"Home","item":"https:\/\/slowfoodnordic.com\/fi\/"},{"@type":"ListItem","position":2,"name":"GMO ja siemenet"}]},{"@type":"WebSite","@id":"https:\/\/slowfoodnordic.com\/#website","url":"https:\/\/slowfoodnordic.com\/","name":"Slow Food in the Nordic Countries","description":"","publisher":{"@id":"https:\/\/slowfoodnordic.com\/#organization"},"potentialAction":[{"@type":"SearchAction","target":{"@type":"EntryPoint","urlTemplate":"https:\/\/slowfoodnordic.com\/?s={search_term_string}"},"query-input":{"@type":"PropertyValueSpecification","valueRequired":true,"valueName":"search_term_string"}}],"inLanguage":"fi"},{"@type":"Organization","@id":"https:\/\/slowfoodnordic.com\/#organization","name":"Slow Food in the Nordic Countries","url":"https:\/\/slowfoodnordic.com\/","logo":{"@type":"ImageObject","inLanguage":"fi","@id":"https:\/\/slowfoodnordic.com\/#\/schema\/logo\/image\/","url":"https:\/\/slowfoodnordic.com\/wp-content\/uploads\/2025\/06\/EN_SF_convivium-in-the-Nordic-Countries.jpg","contentUrl":"https:\/\/slowfoodnordic.com\/wp-content\/uploads\/2025\/06\/EN_SF_convivium-in-the-Nordic-Countries.jpg","width":1375,"height":543,"caption":"Slow Food in the Nordic Countries"},"image":{"@id":"https:\/\/slowfoodnordic.com\/#\/schema\/logo\/image\/"}}]}},"_links":{"self":[{"href":"https:\/\/slowfoodnordic.com\/fi\/wp-json\/wp\/v2\/pages\/6186","targetHints":{"allow":["GET"]}}],"collection":[{"href":"https:\/\/slowfoodnordic.com\/fi\/wp-json\/wp\/v2\/pages"}],"about":[{"href":"https:\/\/slowfoodnordic.com\/fi\/wp-json\/wp\/v2\/types\/page"}],"author":[{"embeddable":true,"href":"https:\/\/slowfoodnordic.com\/fi\/wp-json\/wp\/v2\/users\/5"}],"replies":[{"embeddable":true,"href":"https:\/\/slowfoodnordic.com\/fi\/wp-json\/wp\/v2\/comments?post=6186"}],"version-history":[{"count":2,"href":"https:\/\/slowfoodnordic.com\/fi\/wp-json\/wp\/v2\/pages\/6186\/revisions"}],"predecessor-version":[{"id":6188,"href":"https:\/\/slowfoodnordic.com\/fi\/wp-json\/wp\/v2\/pages\/6186\/revisions\/6188"}],"wp:attachment":[{"href":"https:\/\/slowfoodnordic.com\/fi\/wp-json\/wp\/v2\/media?parent=6186"}],"curies":[{"name":"wp","href":"https:\/\/api.w.org\/{rel}","templated":true}]}}